{"id":9206,"date":"2024-11-20T08:14:25","date_gmt":"2024-11-20T08:14:25","guid":{"rendered":"https:\/\/www.agriturismocapasquin.it\/?page_id=9206"},"modified":"2025-12-21T11:27:27","modified_gmt":"2025-12-21T11:27:27","slug":"recensies","status":"publish","type":"page","link":"https:\/\/www.agriturismocapasquin.it\/nl\/recensies\/","title":{"rendered":"Recensies"},"content":{"rendered":"<div class=\"vc_row wpb_row vc_row-fluid\"><div class=\"wpb_column vc_column_container vc_col-sm-12\"><div class=\"vc_column-inner\"><div class=\"wpb_wrapper\"><h2 style=\"text-align: left\" class=\"vc_custom_heading\" >Ca' Pasquin door de ogen van onze gasten<\/h2><div class=\"vc_empty_space\"   style=\"height: 5px\"><span class=\"vc_empty_space_inner\"><\/span><\/div><div class=\"vc_row wpb_row vc_inner vc_row-fluid vc_custom_1732627087354 vc_row-has-fill vc_row-o-equal-height vc_row-o-content-top vc_row-flex\"><div class=\"wpb_column vc_column_container vc_col-sm-3\"><div class=\"vc_column-inner\"><div class=\"wpb_wrapper\"><h1 style=\"font-size: 20px;text-align: left\" class=\"vc_custom_heading\" >Een oase van rust, hoog in de heuvels van Piemonte.<\/h1>\n\t<div class=\"wpb_text_column wpb_content_element \" >\n\t\t<div class=\"wpb_wrapper\">\n\t\t\t<div class=\"c402354066\">\n<div class=\"a53cbfa6de b5726afd0b\">De kronkelende weg er naartoe belooft al iets speciaals. De hartelijke ontvangst door Femke en Bart heeft je meteen een gevoel van huiselijkheid. Het appartement is met stijl aangekleed en ingericht. Alles wat je nodig hebt is aanwezig en indien je nog iets extra nodig hebt dan staan de gastheer en vrouw voor je klaar. Het zit \u2018em vooral in de details\u2026 de espresso machine op de kamer, het uiterst verzorgd ontbijt met versgeplukte bessen uit de tuin, de tips ivm wijnhuizen en restaurants. Deze mensen weten hoe ze gasten moeten ontvangen. Ik heb er een fantastische paar dagen beleefd en ik kom zeker terug.<\/div>\n<\/div>\n\n\t\t<\/div>\n\t<\/div>\n\n\t<div class=\"wpb_text_column wpb_content_element \" >\n\t\t<div class=\"wpb_wrapper\">\n\t\t\t<div class=\"c402354066\">\n<p class=\"a53cbfa6de b5726afd0b\"><strong>David<\/strong> &#8211; <span style=\"font-size: 16px;\">Belgi\u00eb &#8211; <\/span><span style=\"font-size: 16px;\">juni 2024<\/span><\/p>\n<\/div>\n\n\t\t<\/div>\n\t<\/div>\n<\/div><\/div><\/div><div class=\"wpb_column vc_column_container vc_col-sm-3\"><div class=\"vc_column-inner\"><div class=\"wpb_wrapper\"><h1 style=\"font-size: 20px;text-align: left\" class=\"vc_custom_heading\" >Voortreffelijk<\/h1>\n\t<div class=\"wpb_text_column wpb_content_element \" >\n\t\t<div class=\"wpb_wrapper\">\n\t\t\t<div class=\"c402354066\">\n<div class=\"a53cbfa6de b5726afd0b\">Fantastische omgeving, comfortabele en schone accommodatie, de eigenaren waren super behulpzaam, gevarieerd en overvloedig ontbijt. We hebben drie aangename dagen doorgebracht ondergedompeld in de rust en de natuur.<\/div>\n<div>\n<hr \/>\n<p>We waren vrienden met 3 kinderen. Bart en Femke zijn geweldig, zeer gastvrij, behulpzaam en vriendelijk. Ze lieten ons ons thuis voelen. Het gebouw is nog in uitvoering, maar de kamers zijn brandschoon, smaakvol ingericht en hebben alles wat u nodig heeft. Het ontbijt was vers, rijk en in het seizoen. We hadden een geweldige tijd en zouden zeker graag terugkomen.<\/p>\n<\/div>\n<\/div>\n\n\t\t<\/div>\n\t<\/div>\n\n\t<div class=\"wpb_text_column wpb_content_element \" >\n\t\t<div class=\"wpb_wrapper\">\n\t\t\t<div class=\"c402354066\">\n<p class=\"a53cbfa6de b5726afd0b\"><strong>Francesco<\/strong> &#8211; Italie<span style=\"font-size: 16px;\"> &#8211; november<\/span><span style=\"font-size: 16px;\">\u00a02024<\/span><\/p>\n<\/div>\n\n\t\t<\/div>\n\t<\/div>\n<\/div><\/div><\/div><div class=\"wpb_column vc_column_container vc_col-sm-3\"><div class=\"vc_column-inner\"><div class=\"wpb_wrapper\">\n\t<div  class=\"wpb_single_image wpb_content_element vc_align_center\">\n\t\t\n\t\t<figure class=\"wpb_wrapper vc_figure\">\n\t\t\t<div class=\"vc_single_image-wrapper   vc_box_border_grey\"><img loading=\"lazy\" decoding=\"async\" width=\"200\" height=\"300\" src=\"https:\/\/www.agriturismocapasquin.it\/wp-content\/uploads\/2023\/10\/DSCF6453-200x300.jpg\" class=\"vc_single_image-img attachment-medium\" alt=\"\" title=\"DSCF6453\" srcset=\"https:\/\/www.agriturismocapasquin.it\/wp-content\/uploads\/2023\/10\/DSCF6453-200x300.jpg 200w, https:\/\/www.agriturismocapasquin.it\/wp-content\/uploads\/2023\/10\/DSCF6453-8x12.jpg 8w, https:\/\/www.agriturismocapasquin.it\/wp-content\/uploads\/2023\/10\/DSCF6453.jpg 609w\" sizes=\"auto, (max-width: 200px) 100vw, 200px\" \/><\/div>\n\t\t<\/figure>\n\t<\/div>\n<\/div><\/div><\/div><div class=\"wpb_column vc_column_container vc_col-sm-3\"><div class=\"vc_column-inner\"><div class=\"wpb_wrapper\"><h1 style=\"font-size: 20px;text-align: left\" class=\"vc_custom_heading\" >Fantastisch<\/h1>\n\t<div class=\"wpb_text_column wpb_content_element \" >\n\t\t<div class=\"wpb_wrapper\">\n\t\t\t<div class=\"c402354066\">\n<div class=\"a53cbfa6de b5726afd0b\">Alles was geweldig en we kunnen het echt aanbevelen. De combinatie van Italiaans platteland (rust, uitzicht en eten) met Nederlands gevoel van stijl en service is echt optimaal.<\/div>\n<\/div>\n\n\t\t<\/div>\n\t<\/div>\n\n\t<div class=\"wpb_text_column wpb_content_element \" >\n\t\t<div class=\"wpb_wrapper\">\n\t\t\t<div class=\"c402354066\">\n<p class=\"a53cbfa6de b5726afd0b\"><b>Marcus<\/b> &#8211; Zweden<span style=\"font-size: 16px;\"> &#8211; Juli <\/span><span style=\"font-size: 16px;\">2024<\/span><\/p>\n<\/div>\n\n\t\t<\/div>\n\t<\/div>\n<\/div><\/div><\/div><\/div><div class=\"vc_row wpb_row vc_inner vc_row-fluid vc_row-o-equal-height vc_row-o-content-top vc_row-flex\"><div class=\"wpb_column vc_column_container vc_col-sm-3\"><div class=\"vc_column-inner\"><div class=\"wpb_wrapper\"><h1 style=\"font-size: 20px;text-align: left\" class=\"vc_custom_heading\" >Op de top van de wereld, rustig en rustig, met de persoonlijke aandacht om te ontspannen.<\/h1>\n\t<div class=\"wpb_text_column wpb_content_element \" >\n\t\t<div class=\"wpb_wrapper\">\n\t\t\t<div class=\"c402354066\">\n<div class=\"a53cbfa6de b5726afd0b\">\n<div data-testid=\"review-positive-text\">\n<div class=\"ae90aef3a2 c5811cad6b\">\n<div class=\"c402354066\">\n<div class=\"a53cbfa6de b5726afd0b\">De locatie is fantastisch! Een kronkelende weg brengt u naar de top van de wereld met een prachtig uitzicht. De gastheren Bart en Femke doen er alles aan om uw verblijf zo comfortabel mogelijk te maken.<\/div>\n<\/div>\n<\/div>\n<\/div>\n<\/div>\n<\/div>\n\n\t\t<\/div>\n\t<\/div>\n\n\t<div class=\"wpb_text_column wpb_content_element \" >\n\t\t<div class=\"wpb_wrapper\">\n\t\t\t<div class=\"c402354066\">\n<p class=\"a53cbfa6de b5726afd0b\"><strong>Karen<\/strong> &#8211; USA<span style=\"font-size: 16px;\"> &#8211; februari<\/span><span style=\"font-size: 16px;\">\u00a02024<\/span><\/p>\n<\/div>\n\n\t\t<\/div>\n\t<\/div>\n<\/div><\/div><\/div><div class=\"wpb_column vc_column_container vc_col-sm-3\"><div class=\"vc_column-inner\"><div class=\"wpb_wrapper\"><h1 style=\"font-size: 20px;text-align: left\" class=\"vc_custom_heading\" >Lieve Bart, Femke, Luca&amp; Nero,<\/h1>\n\t<div class=\"wpb_text_column wpb_content_element \" >\n\t\t<div class=\"wpb_wrapper\">\n\t\t\t<div class=\"c402354066\">\n<div class=\"a53cbfa6de b5726afd0b\">Wat hebben jullie een fantastische plek neergezet.<br \/>\nMet een prachtige moestuin, \u2019n huis als een \u2019thuis\u2019!<br \/>\nDe liefde is overal te voelen. Jullie mooie, lieve kinderen, de doggies, het heerlijke gezonde eten dat jullie ons voorzetten.<br \/>\nHet respect wat jullie uitdragen t.o.v. de natuur en de regionale producten en de bevolking.<br \/>\nEn ook niet te vergeten: de heerlijke wijnen en de koffie, Dank je wel!!<br \/>\nHet was prachtig om zo opgenomen te worden in jullie gezin. We zijn zo trots op jullie, kanjers.<br \/>\nKomen zeker terug en liefst met ons gezin.<br \/>\nSucces met al jullie toekomstplannen, zonder enthousiasme is er nog nooit iets gebeurd.<\/div>\n<\/div>\n\n\t\t<\/div>\n\t<\/div>\n\n\t<div class=\"wpb_text_column wpb_content_element \" >\n\t\t<div class=\"wpb_wrapper\">\n\t\t\t<div class=\"c402354066\">\n<p class=\"a53cbfa6de b5726afd0b\"><strong>Michiel en Marianne &amp; Bobbie<\/strong> &#8211; Nederland<span style=\"font-size: 16px;\"> &#8211; september <\/span><span style=\"font-size: 16px;\">2024<\/span><\/p>\n<\/div>\n\n\t\t<\/div>\n\t<\/div>\n<\/div><\/div><\/div><div class=\"wpb_column vc_column_container vc_col-sm-3\"><div class=\"vc_column-inner\"><div class=\"wpb_wrapper\"><h1 style=\"font-size: 20px;text-align: left\" class=\"vc_custom_heading\" >Lieve Bart, Femke, Luca en Nero en natuurlijk de witte lieverds,<\/h1>\n\t<div class=\"wpb_text_column wpb_content_element \" >\n\t\t<div class=\"wpb_wrapper\">\n\t\t\t<div class=\"c402354066\">\n<div class=\"a53cbfa6de b5726afd0b\">\n<div data-testid=\"review-positive-text\">\n<div class=\"ae90aef3a2 c5811cad6b\">\n<div class=\"c402354066\">\n<div class=\"a53cbfa6de b5726afd0b\">Hoe bijzonder dat wij jullie plek uitzoeken en dan blijkt er de Spaarne 66 connectie te zijn.<br \/>\nWat een heerlijk relaxte plek, waarin jullie gastvrijheid in alle pori\u00ebn te voelen is!<br \/>\nWie weet komen we eens genieten met tutta familglia.<\/div>\n<\/div>\n<\/div>\n<\/div>\n<\/div>\n<\/div>\n\n\t\t<\/div>\n\t<\/div>\n\n\t<div class=\"wpb_text_column wpb_content_element \" >\n\t\t<div class=\"wpb_wrapper\">\n\t\t\t<div class=\"c402354066\">\n<p class=\"a53cbfa6de b5726afd0b\"><strong>Stef &amp; Jacqueline<\/strong>\u00a0&#8211; <span style=\"font-size: 16px;\">Nederland &#8211; <\/span><span style=\"font-size: 16px;\">september 2024<\/span><\/p>\n<\/div>\n\n\t\t<\/div>\n\t<\/div>\n<\/div><\/div><\/div><div class=\"wpb_column vc_column_container vc_col-sm-3\"><div class=\"vc_column-inner\"><div class=\"wpb_wrapper\">\n\t<div  class=\"wpb_single_image wpb_content_element vc_align_center\">\n\t\t\n\t\t<figure class=\"wpb_wrapper vc_figure\">\n\t\t\t<div class=\"vc_single_image-wrapper   vc_box_border_grey\"><img loading=\"lazy\" decoding=\"async\" width=\"200\" height=\"300\" src=\"https:\/\/www.agriturismocapasquin.it\/wp-content\/uploads\/2023\/11\/CaPasquin2023_091-200x300.jpg\" class=\"vc_single_image-img attachment-medium\" alt=\"\" title=\"Ca&#039;Pasquin2023_091\" srcset=\"https:\/\/www.agriturismocapasquin.it\/wp-content\/uploads\/2023\/11\/CaPasquin2023_091-200x300.jpg 200w, https:\/\/www.agriturismocapasquin.it\/wp-content\/uploads\/2023\/11\/CaPasquin2023_091-768x1152.jpg 768w, https:\/\/www.agriturismocapasquin.it\/wp-content\/uploads\/2023\/11\/CaPasquin2023_091-1024x1536.jpg 1024w, https:\/\/www.agriturismocapasquin.it\/wp-content\/uploads\/2023\/11\/CaPasquin2023_091-8x12.jpg 8w, https:\/\/www.agriturismocapasquin.it\/wp-content\/uploads\/2023\/11\/CaPasquin2023_091.jpg 1279w\" sizes=\"auto, (max-width: 200px) 100vw, 200px\" \/><\/div>\n\t\t<\/figure>\n\t<\/div>\n<\/div><\/div><\/div><\/div><div class=\"vc_row wpb_row vc_inner vc_row-fluid vc_custom_1732627198246 vc_row-has-fill vc_row-o-equal-height vc_row-o-content-top vc_row-flex\"><div class=\"wpb_column vc_column_container vc_col-sm-3\"><div class=\"vc_column-inner\"><div class=\"wpb_wrapper\">\n\t<div  class=\"wpb_single_image wpb_content_element vc_align_center\">\n\t\t\n\t\t<figure class=\"wpb_wrapper vc_figure\">\n\t\t\t<div class=\"vc_single_image-wrapper   vc_box_border_grey\"><img loading=\"lazy\" decoding=\"async\" width=\"200\" height=\"300\" src=\"https:\/\/www.agriturismocapasquin.it\/wp-content\/uploads\/2023\/11\/CaPasquin2023_035-200x300.jpg\" class=\"vc_single_image-img attachment-medium\" alt=\"\" title=\"Ca&#039;Pasquin2023_035\" srcset=\"https:\/\/www.agriturismocapasquin.it\/wp-content\/uploads\/2023\/11\/CaPasquin2023_035-200x300.jpg 200w, https:\/\/www.agriturismocapasquin.it\/wp-content\/uploads\/2023\/11\/CaPasquin2023_035-768x1152.jpg 768w, https:\/\/www.agriturismocapasquin.it\/wp-content\/uploads\/2023\/11\/CaPasquin2023_035-1024x1536.jpg 1024w, https:\/\/www.agriturismocapasquin.it\/wp-content\/uploads\/2023\/11\/CaPasquin2023_035-8x12.jpg 8w, https:\/\/www.agriturismocapasquin.it\/wp-content\/uploads\/2023\/11\/CaPasquin2023_035.jpg 1279w\" sizes=\"auto, (max-width: 200px) 100vw, 200px\" \/><\/div>\n\t\t<\/figure>\n\t<\/div>\n<\/div><\/div><\/div><div class=\"wpb_column vc_column_container vc_col-sm-3\"><div class=\"vc_column-inner\"><div class=\"wpb_wrapper\"><h1 style=\"font-size: 20px;text-align: left\" class=\"vc_custom_heading\" >Fantastisch<\/h1>\n\t<div class=\"wpb_text_column wpb_content_element \" >\n\t\t<div class=\"wpb_wrapper\">\n\t\t\t<div class=\"c402354066\">\n<div class=\"a53cbfa6de b5726afd0b\">Uitstekend ontbijt, zeer goed voorbereid! Zeer aardige en behulpzame managers. Locatie ondergedompeld in de landelijke omgeving van de plaats, om volledig te ervaren rust en stilte met een prachtig uitzicht van boven de landschappen van Alta Langa. Dank u Bart &amp; Femke!<\/div>\n<\/div>\n\n\t\t<\/div>\n\t<\/div>\n\n\t<div class=\"wpb_text_column wpb_content_element \" >\n\t\t<div class=\"wpb_wrapper\">\n\t\t\t<div class=\"c402354066\">\n<p class=\"a53cbfa6de b5726afd0b\"><strong>Lino<\/strong> &#8211; Italie<span style=\"font-size: 16px;\"> &#8211; juni<\/span><span style=\"font-size: 16px;\">\u00a02024<\/span><\/p>\n<\/div>\n\n\t\t<\/div>\n\t<\/div>\n<\/div><\/div><\/div><div class=\"wpb_column vc_column_container vc_col-sm-3\"><div class=\"vc_column-inner\"><div class=\"wpb_wrapper\"><h1 style=\"font-size: 20px;text-align: left\" class=\"vc_custom_heading\" >Voortreffelijk<\/h1>\n\t<div class=\"wpb_text_column wpb_content_element \" >\n\t\t<div class=\"wpb_wrapper\">\n\t\t\t<div class=\"c402354066\">\n<div class=\"a53cbfa6de b5726afd0b\">\n<div data-testid=\"review-positive-text\">\n<div class=\"ae90aef3a2 c5811cad6b\">\n<div class=\"c402354066\">\n<div class=\"a53cbfa6de b5726afd0b\">Ik heb een appartement met twee slaapkamers geboekt voor twee kunstenaars die daar moesten werken. De kunstenaars hadden een geweldige tijd, wat helemaal niet duidelijk was, mij werd verteld dat de kamers mooi waren, alles was zeer schoon, zeer vriendelijk personeel, geweldig ontbijt. Aanbevolen!<\/div>\n<\/div>\n<\/div>\n<\/div>\n<\/div>\n<\/div>\n\n\t\t<\/div>\n\t<\/div>\n\n\t<div class=\"wpb_text_column wpb_content_element \" >\n\t\t<div class=\"wpb_wrapper\">\n\t\t\t<div class=\"c402354066\">\n<p class=\"a53cbfa6de b5726afd0b\"><strong>Laura<\/strong> &#8211; <span style=\"font-size: 16px;\">Italie &#8211; <\/span><span style=\"font-size: 16px;\">maart 2024<\/span><\/p>\n<\/div>\n\n\t\t<\/div>\n\t<\/div>\n<\/div><\/div><\/div><div class=\"wpb_column vc_column_container vc_col-sm-3\"><div class=\"vc_column-inner\"><div class=\"wpb_wrapper\"><h1 style=\"font-size: 20px;text-align: left\" class=\"vc_custom_heading\" >Fantastisch<\/h1>\n\t<div class=\"wpb_text_column wpb_content_element \" >\n\t\t<div class=\"wpb_wrapper\">\n\t\t\t<div class=\"c402354066\">\n<div class=\"a53cbfa6de b5726afd0b\">Structuur omgeven door rust in de natuur, zeer gastvrij, ontspannen en comfortabel. Bart, Fem en hun prachtige honden lieten ons thuis voelen. Echt geweldige gastheren! Als we teruggaan naar het gebied zouden we daar zeker blijven! Echt aanbevolen.<\/div>\n<\/div>\n\n\t\t<\/div>\n\t<\/div>\n\n\t<div class=\"wpb_text_column wpb_content_element \" >\n\t\t<div class=\"wpb_wrapper\">\n\t\t\t<div class=\"c402354066\">\n<p class=\"a53cbfa6de b5726afd0b\"><b>Davide<\/b> &#8211; Italie<span style=\"font-size: 16px;\"> &#8211; februari <\/span><span style=\"font-size: 16px;\">2024<\/span><\/p>\n<\/div>\n\n\t\t<\/div>\n\t<\/div>\n<\/div><\/div><\/div><\/div><div class=\"vc_row wpb_row vc_inner vc_row-fluid vc_row-o-equal-height vc_row-o-content-top vc_row-flex\"><div class=\"wpb_column vc_column_container vc_col-sm-3\"><div class=\"vc_column-inner\"><div class=\"wpb_wrapper\"><h1 style=\"font-size: 20px;text-align: left\" class=\"vc_custom_heading\" >en een klein traantje<\/h1>\n\t<div class=\"wpb_text_column wpb_content_element \" >\n\t\t<div class=\"wpb_wrapper\">\n\t\t\t<div class=\"c402354066\">\n<div class=\"a53cbfa6de b5726afd0b\">\n<div data-testid=\"review-positive-text\">\n<div class=\"ae90aef3a2 c5811cad6b\">\n<div class=\"c402354066\">\n<div class=\"a53cbfa6de b5726afd0b\">\n<div class=\"\">Lieve Femke, Bart, Luca&amp;Nero, Vesper, Birba en Snow,<\/div>\n<div class=\"\"><\/div>\n<div class=\"\">2,5 week mochten we bij jullie logeren en het was in 1 woord fantastisch!!<\/div>\n<div class=\"\">Wat zijn jullie allemaal gezellig en liefdevol (ondanks het geploeter om alles voor elkaar te krijgen)<\/div>\n<div class=\"\">Jullie hulp met het meedenken in alles: zelfs een aanzoek is niet t\u00e9 gek voor jullie.<\/div>\n<div class=\"\">We gaan de heerlijke ontbijtjes, het samen zwemmen en spelen en tot (te) laat borrelen zeker missen maar we komen ook zeker terug!!<\/div>\n<div class=\"\">Er zijn ook nog zoveel dingen die we kunnen gaan ontdekken hier.<\/div>\n<div class=\"\">Heel veel liefs (en een klein traantje)<\/div>\n<\/div>\n<\/div>\n<\/div>\n<\/div>\n<\/div>\n<\/div>\n\n\t\t<\/div>\n\t<\/div>\n\n\t<div class=\"wpb_text_column wpb_content_element \" >\n\t\t<div class=\"wpb_wrapper\">\n\t\t\t<div class=\"c402354066\">\n<p class=\"a53cbfa6de b5726afd0b\"><strong>Michiel+Felicia, Axel+Lily<\/strong> &#8211; Nederland<span style=\"font-size: 16px;\"> &#8211; augustus<\/span><span style=\"font-size: 16px;\">\u00a02024<\/span><\/p>\n<\/div>\n\n\t\t<\/div>\n\t<\/div>\n<\/div><\/div><\/div><div class=\"wpb_column vc_column_container vc_col-sm-3\"><div class=\"vc_column-inner\"><div class=\"wpb_wrapper\"><h1 style=\"font-size: 20px;text-align: left\" class=\"vc_custom_heading\" >Ijsberen<\/h1>\n\t<div class=\"wpb_text_column wpb_content_element \" >\n\t\t<div class=\"wpb_wrapper\">\n\t\t\t<div class=\"c402354066\">\n<div class=\"a53cbfa6de b5726afd0b\">\n<div data-testid=\"review-positive-text\">\n<div class=\"ae90aef3a2 c5811cad6b\">\n<div class=\"c402354066\">\n<div class=\"a53cbfa6de b5726afd0b\">\n<div class=\"\">We willen jullie graag bedanken voor het heerlijke verblijf.<\/div>\n<div class=\"\">Wat hebben jullie hier een\u00a0<span class=\"\" style=\"text-decoration: line-through;\">plek\u00a0<\/span>\u00a0prachtige plek gecre\u00eberd.<\/div>\n<div class=\"\">Het heeft onze verwachting ruimschoots overtroffen.<\/div>\n<div class=\"\">We hopen nog eens terug te komen en nog meer van deze lekkere regio te ontdekken.<\/div>\n<div class=\"\">Het is leuk en inspirerend om te zien hoeveel kennis en tips jullie in huis hebben, dat maakte ons verblijf nog fijner.<\/div>\n<div class=\"\">We geloven er in dat steeds meer mensen jullie zullen vinden.<\/div>\n<div class=\"\">Super bedankt voor jullie gastvrijheid, de gezellige avonden, het lekkere eten en alle tips.<\/div>\n<\/div>\n<\/div>\n<\/div>\n<\/div>\n<\/div>\n<\/div>\n\n\t\t<\/div>\n\t<\/div>\n\n\t<div class=\"wpb_text_column wpb_content_element \" >\n\t\t<div class=\"wpb_wrapper\">\n\t\t\t<div class=\"c402354066\">\n<p class=\"a53cbfa6de b5726afd0b\"><strong>Marc, Anne &amp; Fien<\/strong> &#8211; <span style=\"font-size: 16px;\">Nederland &#8211; <\/span><span style=\"font-size: 16px;\">oktober 2024<\/span><\/p>\n<\/div>\n\n\t\t<\/div>\n\t<\/div>\n<\/div><\/div><\/div><div class=\"wpb_column vc_column_container vc_col-sm-3\"><div class=\"vc_column-inner\"><div class=\"wpb_wrapper\">\n\t<div  class=\"wpb_single_image wpb_content_element vc_align_center\">\n\t\t\n\t\t<figure class=\"wpb_wrapper vc_figure\">\n\t\t\t<div class=\"vc_single_image-wrapper   vc_box_border_grey\"><img loading=\"lazy\" decoding=\"async\" width=\"300\" height=\"200\" src=\"https:\/\/www.agriturismocapasquin.it\/wp-content\/uploads\/2023\/11\/CaPasquin2023_025-300x200.jpg\" class=\"vc_single_image-img attachment-medium\" alt=\"\" title=\"Ca&#039;Pasquin2023_025\" srcset=\"https:\/\/www.agriturismocapasquin.it\/wp-content\/uploads\/2023\/11\/CaPasquin2023_025-300x200.jpg 300w, https:\/\/www.agriturismocapasquin.it\/wp-content\/uploads\/2023\/11\/CaPasquin2023_025-768x512.jpg 768w, https:\/\/www.agriturismocapasquin.it\/wp-content\/uploads\/2023\/11\/CaPasquin2023_025-18x12.jpg 18w, https:\/\/www.agriturismocapasquin.it\/wp-content\/uploads\/2023\/11\/CaPasquin2023_025-450x300.jpg 450w, https:\/\/www.agriturismocapasquin.it\/wp-content\/uploads\/2023\/11\/CaPasquin2023_025.jpg 1500w\" sizes=\"auto, (max-width: 300px) 100vw, 300px\" \/><\/div>\n\t\t<\/figure>\n\t<\/div>\n<\/div><\/div><\/div><div class=\"wpb_column vc_column_container vc_col-sm-3\"><div class=\"vc_column-inner\"><div class=\"wpb_wrapper\"><h1 style=\"font-size: 20px;text-align: left\" class=\"vc_custom_heading\" >Il Rifugio<\/h1>\n\t<div class=\"wpb_text_column wpb_content_element \" >\n\t\t<div class=\"wpb_wrapper\">\n\t\t\t<div class=\"\">Lieve Femke en Bart,<\/div>\n<div class=\"\">Als een van de eerste gasten mochten we in Il Rifugio verblijven en de kinderen tegenover ons in La Rondine.<\/div>\n<div class=\"\">Wat een heerlijk verblijf hebben wij bij jullie gehad!<\/div>\n<div class=\"\">Jullie zijn gastvrouw en- heer in hart en nieren.<\/div>\n<div class=\"\">Heerlijk ontbijt, super diners en h\u00e9\u00e9\u00e9\u00e9l veel tips over de omgeving.<\/div>\n<div class=\"\"><\/div>\n<div class=\"\">We wensen jullie enorm veel succes met alle plannen voor de toekomst.<\/div>\n<div class=\"\">Liefs,<\/div>\n\n\t\t<\/div>\n\t<\/div>\n\n\t<div class=\"wpb_text_column wpb_content_element \" >\n\t\t<div class=\"wpb_wrapper\">\n\t\t\t<div class=\"c402354066\">\n<div class=\"\"><strong>Ivo, Yvonne, Jonah, Marijn, Ruby en Max<\/strong> &#8211; Nederland &#8211; augustus 2024<\/div>\n<\/div>\n\n\t\t<\/div>\n\t<\/div>\n<\/div><\/div><\/div><\/div><div class=\"vc_row wpb_row vc_inner vc_row-fluid vc_custom_1732627198246 vc_row-has-fill vc_row-o-equal-height vc_row-o-content-top vc_row-flex\"><div class=\"wpb_column vc_column_container vc_col-sm-3\"><div class=\"vc_column-inner\"><div class=\"wpb_wrapper\"><h1 style=\"font-size: 20px;text-align: left\" class=\"vc_custom_heading\" >hospitality, helpfulness, kindness and fantastic service<\/h1>\n\t<div class=\"wpb_text_column wpb_content_element \" >\n\t\t<div class=\"wpb_wrapper\">\n\t\t\t<div class=\"c402354066\">\n<div class=\"a53cbfa6de b5726afd0b\">\n<div class=\"\">Dear Femke and Bart,<\/div>\n<div class=\"\"><\/div>\n<div class=\"\">Thanks so much for a fantastic stay at your place in Piemonte.<\/div>\n<div class=\"\">Thanks so much for your hospitality, helpfulness, kindness and fantastic service.<\/div>\n<div class=\"\">Thanks for all the meals you serves to us and all the great wines.<\/div>\n<\/div>\n<\/div>\n\n\t\t<\/div>\n\t<\/div>\n\n\t<div class=\"wpb_text_column wpb_content_element \" >\n\t\t<div class=\"wpb_wrapper\">\n\t\t\t<div class=\"c402354066\">\n<div class=\"\"><strong>Esther&amp; Valther<\/strong><\/div>\n<div class=\"\"><strong>Anette&amp; Rasmus <\/strong>&#8211; Denmark &#8211; augustus\u00a02024<\/div>\n<\/div>\n\n\t\t<\/div>\n\t<\/div>\n<\/div><\/div><\/div><div class=\"wpb_column vc_column_container vc_col-sm-3\"><div class=\"vc_column-inner\"><div class=\"wpb_wrapper\">\n\t<div  class=\"wpb_single_image wpb_content_element vc_align_center\">\n\t\t\n\t\t<figure class=\"wpb_wrapper vc_figure\">\n\t\t\t<div class=\"vc_single_image-wrapper   vc_box_border_grey\"><img loading=\"lazy\" decoding=\"async\" width=\"300\" height=\"300\" src=\"https:\/\/www.agriturismocapasquin.it\/wp-content\/uploads\/2024\/11\/e7efe272-8329-4eb5-acbc-043e1f0c0357-300x300.jpg\" class=\"vc_single_image-img attachment-medium\" alt=\"\" title=\"Vesper\" srcset=\"https:\/\/www.agriturismocapasquin.it\/wp-content\/uploads\/2024\/11\/e7efe272-8329-4eb5-acbc-043e1f0c0357-300x300.jpg 300w, https:\/\/www.agriturismocapasquin.it\/wp-content\/uploads\/2024\/11\/e7efe272-8329-4eb5-acbc-043e1f0c0357-150x150.jpg 150w, https:\/\/www.agriturismocapasquin.it\/wp-content\/uploads\/2024\/11\/e7efe272-8329-4eb5-acbc-043e1f0c0357-768x768.jpg 768w, https:\/\/www.agriturismocapasquin.it\/wp-content\/uploads\/2024\/11\/e7efe272-8329-4eb5-acbc-043e1f0c0357-1536x1536.jpg 1536w, https:\/\/www.agriturismocapasquin.it\/wp-content\/uploads\/2024\/11\/e7efe272-8329-4eb5-acbc-043e1f0c0357-12x12.jpg 12w, https:\/\/www.agriturismocapasquin.it\/wp-content\/uploads\/2024\/11\/e7efe272-8329-4eb5-acbc-043e1f0c0357-512x512.jpg 512w, https:\/\/www.agriturismocapasquin.it\/wp-content\/uploads\/2024\/11\/e7efe272-8329-4eb5-acbc-043e1f0c0357-1024x1024.jpg 1024w, https:\/\/www.agriturismocapasquin.it\/wp-content\/uploads\/2024\/11\/e7efe272-8329-4eb5-acbc-043e1f0c0357-e1732779812623.jpg 1000w\" sizes=\"auto, (max-width: 300px) 100vw, 300px\" \/><\/div>\n\t\t<\/figure>\n\t<\/div>\n<\/div><\/div><\/div><div class=\"wpb_column vc_column_container vc_col-sm-3\"><div class=\"vc_column-inner\"><div class=\"wpb_wrapper\"><h1 style=\"font-size: 20px;text-align: left\" class=\"vc_custom_heading\" >Tot een volgende keer.<\/h1>\n\t<div class=\"wpb_text_column wpb_content_element \" >\n\t\t<div class=\"wpb_wrapper\">\n\t\t\t<div class=\"c402354066\">\n<div class=\"a53cbfa6de b5726afd0b\">\n<div data-testid=\"review-positive-text\">\n<div class=\"ae90aef3a2 c5811cad6b\">\n<div class=\"c402354066\">\n<div class=\"a53cbfa6de b5726afd0b\">\n<div class=\"\">Lieve Femke en Bart,<\/div>\n<div class=\"\"><\/div>\n<div class=\"\">Wat was het fijn bij jullie.<\/div>\n<div class=\"\">2 nachtjes, maar het lijkt veel langer.<\/div>\n<div class=\"\">De rust, het uitzicht en het heerlijke eten.<\/div>\n<div class=\"\">We voelden ons echt gast en hebben genoten.<\/div>\n<div class=\"\"><\/div>\n<div class=\"\">Tot een volgende keer.<\/div>\n<\/div>\n<\/div>\n<\/div>\n<\/div>\n<\/div>\n<\/div>\n\n\t\t<\/div>\n\t<\/div>\n\n\t<div class=\"wpb_text_column wpb_content_element \" >\n\t\t<div class=\"wpb_wrapper\">\n\t\t\t<div class=\"c402354066\">\n<p class=\"a53cbfa6de b5726afd0b\"><strong>Betty en Lex<\/strong> &#8211; <span style=\"font-size: 16px;\">Nederland &#8211; <\/span><span style=\"font-size: 16px;\">augustus 2024<\/span><\/p>\n<\/div>\n\n\t\t<\/div>\n\t<\/div>\n<\/div><\/div><\/div><\/div><\/div><\/div><\/div><\/div><div class=\"vc_row wpb_row vc_row-fluid\"><div class=\"wpb_column vc_column_container vc_col-sm-12\"><div class=\"vc_column-inner\"><div class=\"wpb_wrapper\">\n\t<div class=\"wpb_text_column wpb_content_element \" >\n\t\t<div class=\"wpb_wrapper\">\n\t\t\t<p>[trustindex no-registration=google]<\/p>\n\n\t\t<\/div>\n\t<\/div>\n<\/div><\/div><\/div><\/div>\n","protected":false},"excerpt":{"rendered":"Ca' Pasquin door de ogen van onze gastenEen oase van rust, hoog in de heuvels van Piemonte. De kronkelende weg er naartoe belooft al iets &hellip;","protected":false},"author":2,"featured_media":0,"parent":0,"menu_order":0,"comment_status":"closed","ping_status":"closed","template":"","meta":{"_monsterinsights_skip_tracking":false,"_monsterinsights_sitenote_active":false,"_monsterinsights_sitenote_note":"","_monsterinsights_sitenote_category":0,"_uf_show_specific_survey":0,"_uf_disable_surveys":false,"footnotes":""},"class_list":["post-9206","page","type-page","status-publish","hentry"],"aioseo_notices":[],"_links":{"self":[{"href":"https:\/\/www.agriturismocapasquin.it\/nl\/wp-json\/wp\/v2\/pages\/9206","targetHints":{"allow":["GET"]}}],"collection":[{"href":"https:\/\/www.agriturismocapasquin.it\/nl\/wp-json\/wp\/v2\/pages"}],"about":[{"href":"https:\/\/www.agriturismocapasquin.it\/nl\/wp-json\/wp\/v2\/types\/page"}],"author":[{"embeddable":true,"href":"https:\/\/www.agriturismocapasquin.it\/nl\/wp-json\/wp\/v2\/users\/2"}],"replies":[{"embeddable":true,"href":"https:\/\/www.agriturismocapasquin.it\/nl\/wp-json\/wp\/v2\/comments?post=9206"}],"version-history":[{"count":17,"href":"https:\/\/www.agriturismocapasquin.it\/nl\/wp-json\/wp\/v2\/pages\/9206\/revisions"}],"predecessor-version":[{"id":10439,"href":"https:\/\/www.agriturismocapasquin.it\/nl\/wp-json\/wp\/v2\/pages\/9206\/revisions\/10439"}],"wp:attachment":[{"href":"https:\/\/www.agriturismocapasquin.it\/nl\/wp-json\/wp\/v2\/media?parent=9206"}],"curies":[{"name":"wp","href":"https:\/\/api.w.org\/{rel}","templated":true}]}}